{"id":339,"date":"2017-07-21T08:21:18","date_gmt":"2017-07-21T06:21:18","guid":{"rendered":"http:\/\/www.vivaterr.bzh\/rance-emeraude\/?page_id=339"},"modified":"2023-02-11T13:18:38","modified_gmt":"2023-02-11T12:18:38","slug":"liberation","status":"publish","type":"page","link":"http:\/\/www.vivaterr.bzh\/rance-emeraude\/liberation\/","title":{"rendered":"Lib\u00e9ration"},"content":{"rendered":"<p>Texte d&rsquo;<a href=\"http:\/\/www.oetopia.bzh\">\u0152topia<\/a><\/p>\n<h2>Un combat de lib\u00e9ration, pour et par la vie et les syst\u00e8mes vivants, dans la paix et la joie.<\/h2>\n<p>Pourquoi un combat de lib\u00e9ration\u00a0? Parce que notre soci\u00e9t\u00e9 est en guerre contre les syst\u00e8mes vivants et le bien commun, pour satisfaire nos propres \u00e9go\u00efsmes et notre individualisme. Cette guerre n\u2019est pas virtuelle, et sa r\u00e9alit\u00e9 s\u2019impose \u00e0 nous par ses cons\u00e9quences\u00a0quotidiennes\u00a0: destruction des \u00e9cosyst\u00e8mes, pollutions, d\u00e9sertification, famines, conflits, migrations ou terrorisme sont les fruits du combat men\u00e9 par une petite partie de l\u2019humanit\u00e9 pour s\u2019approprier le bien commun \u00e0 son seul profit.<\/p>\n<p>Nous sommes aujourd\u2019hui \u00e0 l\u2019heure du choix. C\u2019est une p\u00e9riode extraordinaire et pleine d\u2019esp\u00e9rance o\u00f9 nous pouvons reconqu\u00e9rir notre libert\u00e9 et reprendre un chemin de paix par l\u2019harmonie avec les syst\u00e8mes vivants.<\/p>\n<p>Mais on ne m\u00e8ne pas un tel combat avec des discours, des intentions ou m\u00eame de bonnes pratiques qui ne servent que l\u2019illusion de notre bonne conscience. Nous ne monterons \u00e0 l\u2019assaut pour la reconqu\u00eate du bien commun qu\u2019avec une vraie strat\u00e9gie, dont d\u00e9coulent des tactiques et des modes d\u2019action.<\/p>\n<p>Il convient en premier lieu de d\u00e9finir contre quoi et pourquoi nous combattons. Notre adversaire n\u2019est pas l\u2019homme moderne, ni telle organisation ou telle soci\u00e9t\u00e9, mais simplement l\u2019id\u00e9ologie qui fonde notre mod\u00e8le actuel, pr\u00e9tendant que la finalit\u00e9 de toute personne, physique ou morale, est la maximisation de son profit. Le syst\u00e8me \u00e9conomique qui d\u00e9coule de cette vision biais\u00e9e du r\u00f4le de l\u2019homme sur terre a ainsi un objectif avant tout financier, bas\u00e9 sur la comp\u00e9tition perp\u00e9tuelle pour la croissance de richesses mat\u00e9rielles. Comme l\u2019ont th\u00e9oris\u00e9 la plupart des \u00e9conomistes depuis le XVIII\u00e8me si\u00e8cle avec des formulations diff\u00e9rentes, c\u2019est bien la cupidit\u00e9 qui r\u00e9git les comportements de notre soci\u00e9t\u00e9, et c\u2019est pr\u00e9cis\u00e9ment l\u00e0 que se trouve l\u2019ennemi de la vie et du bien commun. N\u2019esp\u00e9rons pas changer les cons\u00e9quences sans s\u2019attaquer aux causes. Plut\u00f4t que la r\u00e9volte qui ne m\u00e8ne qu\u2019\u00e0 la violence, choisissons la voie de la construction pour simplement tracer une nouvelle route. Il suffit de r\u00e9cup\u00e9rer les commandes pour reprendre le contr\u00f4le de la machine.<\/p>\n<p>Les institutions actuelles, que ce soient celles de l\u2019Europe, de l\u2019Etat ou des collectivit\u00e9s, ne sont pas adapt\u00e9es \u00e0 ce combat, et nous devons compter avant tout sur notre d\u00e9termination. Ces institutions ne sont en effet pas suffisamment libres pour mener les r\u00e9formes n\u00e9cessaires, car inf\u00e9od\u00e9es au mode de pens\u00e9e technocratique et financier. Elles peuvent sans doute g\u00e9rer le bien public et ralentir l\u2019\u0153uvre destructrice de la cupidit\u00e9, mais ne pourront pas r\u00e9orienter le syst\u00e8me dans un nouvel \u00e9quilibre avec le bien commun. Nous avons cependant besoin d&rsquo;elles pour accompagner cette bataille, la soutenir et l\u2019appuyer en r\u00e9formant leur fonctionnement.<\/p>\n<p>Nous ne sommes pas seuls\u00a0: nous avons la puissance de la vie comme principale alli\u00e9e. La contemplation des syst\u00e8mes vivants nous enseigne depuis le d\u00e9but de l\u2019humanit\u00e9 que la v\u00e9ritable croissance se fait par les relations et les \u00e9changes, le don et le partage, dans la diversit\u00e9 et la compl\u00e9mentarit\u00e9. La vie est un manuel op\u00e9rationnel qui capitalise 4 milliards d\u2019ann\u00e9es d\u2019exp\u00e9riences et d\u2019innovation, dans lequel nos anciens ont lu et appris, et que nous pouvons nous r\u00e9approprier. Sortons simplement du milieu d\u2019un syst\u00e8me devenu fou pour ne pas prendre part \u00e0 ses vices, et nous concentrer sur les richesses de la vie et de l\u2019humanit\u00e9.<\/p>\n<p>Non\u2009! La finalit\u00e9 de l\u2019\u00e9conomie n\u2019est pas la recherche du profit, ce n\u2019est qu\u2019une d\u00e9viance moderne et mat\u00e9rialiste. L\u2019objectif de l\u2019\u00e9conomie est la co-cr\u00e9ation de valeur avec les syst\u00e8mes vivants, par la recherche du Bien par le Service et l\u2019\u00e9change de biens et de services, puis la juste r\u00e9partition de la valeur cr\u00e9\u00e9e. C\u2019est l\u2019\u00e9conomie vivante des territoires, qui a accompagn\u00e9 l\u2019humanit\u00e9 depuis la premi\u00e8re r\u00e9volution agricole du n\u00e9olithique. L\u2019\u00e9conomie vivante est bio-inspir\u00e9e et compatible avec la vie, car elle a comme moteurs la diversit\u00e9 et la coop\u00e9ration. Le bon \u00e9quilibre avec le bien commun est ainsi la cause et la cons\u00e9quence du fonctionnement d\u2019une soci\u00e9t\u00e9 recr\u00e9\u00e9e sur les principes fondamentaux des syst\u00e8mes vivants.<\/p>\n<p>Ce n\u2019est pas un souhait ou un r\u00eave, mais ce qui advient chaque jour. La r\u00e9volution pacifique et bienveillante de la vie est en marche, et c\u2019est avant tout une question de choix individuel et personnel que d\u2019y prendre part. Il faut d\u2019abord combattre en nous-m\u00eames ce que nous sommes prompts \u00e0 condamner dans cette soci\u00e9t\u00e9 ou chez nos politiques\u00a0: l\u2019\u00e9go\u00efsme, la recherche du confort et du pouvoir, la l\u00e2chet\u00e9, le refus de lutter\u2026 La r\u00e9volution commence par la vertu individuelle, car cela cr\u00e9e chaque jour la force du changement, et la mutation collective se fait par la r\u00e9forme des personnes et le partage de valeurs communes\u00a0: honneur, fid\u00e9lit\u00e9, courage, loyaut\u00e9, solidarit\u00e9\u2026 C\u2019est aussi une aventure d\u2019entrepreneurs, car ce sont eux qui font l\u2019\u00e9conomie, et non la politique. Les entrepreneurs sont libres de leurs mod\u00e8les, ce n\u2019est qu\u2019une question de choix.<\/p>\n<p>Soyons confiants et optimistes car la bataille est engag\u00e9e, par de multiples actions d\u2019\u00e9conomie vivante qu\u2019il suffit de mettre en relation pour acc\u00e9l\u00e9rer la transition vers une soci\u00e9t\u00e9 en harmonie avec les syst\u00e8mes vivants et le bien commun. L\u2019innovation sociale se d\u00e9ploie partout en France, en particulier dans l\u2019agriculture, pour ne pas laisser les fruits de la terre et du travail des hommes \u00e0 la seule logique de rentabilit\u00e9 financi\u00e8re.<\/p>\n<p>Comptons sur nous-m\u00eames, ainsi nous ne serons pas d\u00e9\u00e7us\u2009! Nous allons sans doute prendre des coups \u2014 c\u2019est la guerre \u2014 mais la mission est sacr\u00e9e et le combat en vaut la peine, surtout lorsqu\u2019il apporte tant de richesses dans les \u00e9changes. La r\u00e9volution de la vie ne d\u00e9pend que de notre d\u00e9termination et de notre engagement. Ce n\u2019est vraiment pas une r\u00e9volte, mais l\u2019\u00e9lan vital d\u2019un peuple joyeux qui souhaite un avenir rayonnan<\/p>\n","protected":false},"excerpt":{"rendered":"<p>Texte d&rsquo;\u0152topia Un combat de lib\u00e9ration, pour et par la vie et les syst\u00e8mes vivants, dans la paix et la joie. Pourquoi un combat de lib\u00e9ration\u00a0? Parce que notre soci\u00e9t\u00e9 est en guerre contre les syst\u00e8mes vivants et le bien commun, pour satisfaire nos propres \u00e9go\u00efsmes et notre individualisme. Cette\u2026<\/p>\n<p> <a class=\"continue-reading-link\" href=\"http:\/\/www.vivaterr.bzh\/rance-emeraude\/liberation\/\"><span>Continue reading<\/span><i class=\"crycon-right-dir\"><\/i><\/a> <\/p>\n","protected":false},"author":3,"featured_media":0,"parent":0,"menu_order":0,"comment_status":"closed","ping_status":"closed","template":"","meta":[],"_links":{"self":[{"href":"http:\/\/www.vivaterr.bzh\/rance-emeraude\/wp-json\/wp\/v2\/pages\/339"}],"collection":[{"href":"http:\/\/www.vivaterr.bzh\/rance-emeraude\/wp-json\/wp\/v2\/pages"}],"about":[{"href":"http:\/\/www.vivaterr.bzh\/rance-emeraude\/wp-json\/wp\/v2\/types\/page"}],"author":[{"embeddable":true,"href":"http:\/\/www.vivaterr.bzh\/rance-emeraude\/wp-json\/wp\/v2\/users\/3"}],"replies":[{"embeddable":true,"href":"http:\/\/www.vivaterr.bzh\/rance-emeraude\/wp-json\/wp\/v2\/comments?post=339"}],"version-history":[{"count":3,"href":"http:\/\/www.vivaterr.bzh\/rance-emeraude\/wp-json\/wp\/v2\/pages\/339\/revisions"}],"predecessor-version":[{"id":357,"href":"http:\/\/www.vivaterr.bzh\/rance-emeraude\/wp-json\/wp\/v2\/pages\/339\/revisions\/357"}],"wp:attachment":[{"href":"http:\/\/www.vivaterr.bzh\/rance-emeraude\/wp-json\/wp\/v2\/media?parent=339"}],"curies":[{"name":"wp","href":"https:\/\/api.w.org\/{rel}","templated":true}]}}