{"id":72,"date":"2017-05-11T12:24:37","date_gmt":"2017-05-11T10:24:37","guid":{"rendered":"http:\/\/www.vivaterr.bzh\/rance-emeraude\/?page_id=72"},"modified":"2022-01-14T10:23:24","modified_gmt":"2022-01-14T09:23:24","slug":"partenaires","status":"publish","type":"page","link":"http:\/\/www.vivaterr.bzh\/rance-emeraude\/partenaires\/","title":{"rendered":"Acteurs"},"content":{"rendered":"<p>L&rsquo;association <a href=\"http:\/\/WWW.OETOPIA.BZH\">\u0152topia <\/a>est un groupe de r\u00e9flexion et d&rsquo;action pour d\u00e9velopper l&rsquo;\u00e9conomie vivante et lib\u00e9rer les hommes et les territoires de leur d\u00e9pendance du mod\u00e8le d&rsquo;\u00e9conomie financi\u00e8re. Elle donne aux op\u00e9rations d&rsquo;\u00e9conomie vivante territoriale les outils, les m\u00e9thodes, les \u00e9tudes et les r\u00e9seaux pour construire ensemble la soci\u00e9t\u00e9 bas\u00e9e sur la vie et les valeurs humaines.<\/p>\n<p>Le <a href=\"http:\/\/www.cjd.net\/president\/162948\" target=\"_blank\" rel=\"noopener noreferrer\">CJD Emeraude<\/a> (Centre des Jeunes Dirigeants) est la section locale (Pays de Dinan et de St Malo) du plus ancien mouvement patronal fran\u00e7ais. Au niveau national, le CJD compte 4\u00a0500 adh\u00e9rents (les JD), entrepreneurs et cadres dirigeants, la section Emeraude compte 45 JD. Adoss\u00e9 \u00e0 des valeurs fortes (Respect de la dignit\u00e9 humaine, Loyaut\u00e9, Responsabilit\u00e9 et Solidarit\u00e9), le leitmotiv du CJD est de (re)mettre \u00ab l\u2019\u00e9conomie au service de l\u2019Homme \u00bb. Dans ce cadre, le CJD ambitionne d&rsquo;\u00eatre source d\u2019intelligence collective en rassemblant des acteurs de domaines divers qui sont invit\u00e9s \u00e0 r\u00e9fl\u00e9chir, se former, exp\u00e9rimenter, s&rsquo;engager et d\u00e9velopper. Patrice Valantin, JD rennais depuis 2007 a particip\u00e9 \u00e0 une r\u00e9flexion au niveau du CJD national pour r\u00e9concilier l\u2019\u00e9conomie et les syst\u00e8mes vivants des territoires. Il a rejoint en 2015 la section Emeraude afin notamment de d\u00e9velopper et exp\u00e9rimenter son projet d&rsquo;\u00e9conomie vivante.<\/p>\n<p>La commune de <a href=\"http:\/\/www.pleudihen.fr\/\" target=\"_blank\" rel=\"noopener noreferrer\">Pleudihen-sur-Rance<\/a> est situ\u00e9e dans le d\u00e9partement des C\u00f4tes d\u2019Armor (22). Entre terre et mer, la commune est riche d&rsquo;un patrimoine maritime et agricole. Aujourd&rsquo;hui, la commune a conserv\u00e9 une activit\u00e9 agricole notable avec 18 exploitations. Au niveau \u00e9conomique, elle s&rsquo;est particuli\u00e8rement d\u00e9velopp\u00e9e et totalise aujourd&rsquo;hui plus de 1 100 emplois sur son territoire communal dont pr\u00e8s de 200 li\u00e9s \u00e0 l&rsquo;agriculture et aux activit\u00e9s agro-alimentaires qui contribuent \u00e0 sa r\u00e9putation \u00ab\u00a0autour de la galette et du cidre\u00a0\u00bb. L\u2019activit\u00e9 touristique y est \u00e9galement importante. V\u00e9ritable \u00e9crin, la vall\u00e9e de la Rance offre une richesse naturelle exceptionnelle. Enfin, le dynamisme du village est renforc\u00e9 gr\u00e2ce \u00e0 un tissu associatif particuli\u00e8rement actif. Pleudihen-sur-Rance a pour objectif de d\u00e9velopper un nouveau mod\u00e8le de gestion du territoire qui permette d\u2019allier \u00e9conomie et \u00e9cologie.<\/p>\n<p>Plusieurs agriculteurs de Pleudihen-sur-Rance et de La Vicomt\u00e9-sur-Rance \u00e9taient pr\u00eats \u00e0 r\u00e9pondre \u00e0 la demande de \u00ab bl\u00e9 noir \u00bb. Mais ils voulaient \u00eatre assur\u00e9s de la viabilit\u00e9 et de la p\u00e9rennit\u00e9 \u00e9conomique. Un accompagnement technique \u00e9tait aussi attendu. 10 exploitations se sont lanc\u00e9s dans l&rsquo;exp\u00e9rience en 2016 pour un total de 35ha de surface, ils sont 22 en 2017 pour 120ha.<\/p>\n<p><a href=\"http:\/\/reizhan.bzh\/\" target=\"_blank\" rel=\"noopener noreferrer\">Reizhan<\/a>\u00a0est une entreprise dont la vocation est de mettre en \u0153uvre une \u00ab\u00a0\u00e9conomie vivante territoriale\u00a0\u00bb, c\u2019est-\u00e0-dire un mod\u00e8le \u00e9conomique reconnaissant les syst\u00e8mes vivants comme base de la cr\u00e9ation de valeur. Elle accompagne les territoires et ses acteurs vers une transition \u00e9cologique et \u00e9conomique. Depuis plusieurs ann\u00e9es, les acteurs de Reizhan, mettent en \u0153uvre le concept ViVaTerr, en collaboration avec l\u2019entreprise Ter-Qualitechs. Patrice Valantin, g\u00e9rant de Reizhan, est \u00e9galement \u00e0 l\u2019origine du mouvement \u0152etopia, incubateur d\u2019id\u00e9e sur les nouvelles \u00e9conomies et les nouveaux mod\u00e8les de soci\u00e9t\u00e9.<\/p>\n<p>&nbsp;<\/p>\n<p><a href=\"http:\/\/www.ter-qualitechs.fr\/\" target=\"_blank\" rel=\"noopener noreferrer\">Ter-Qualitechs<\/a>,\u00a0cr\u00e9\u00e9 il y a plus de 20 ans, est le bureau d\u2019\u00e9tude et de conseil ind\u00e9pendant en agriculture. Ter-Qualitechs vise \u00e0 int\u00e9grer les aspects humain, technique, \u00e9conomique et \u00e9cologique dans la gestion des exploitations agricoles. Son ambition est entre autre de permettre aux exploitants de d\u00e9cider de leurs orientations et de leurs productions librement, en leur fournissant des outils et des informations objectives et efficaces. Ter-Qualitechs et Reizhan travaillent de conserve depuis plus de neuf ans sur des exp\u00e9rimentations d\u2019agri-\u00e9cologie dont sont issues les m\u00e9thodes utilis\u00e9es dans ViVaTerr.<\/p>\n<p>La <a href=\"http:\/\/www.minoterie-de-roncin.fr\/\" target=\"_blank\" rel=\"noopener noreferrer\">minoterie de Roncin<\/a>,\u00a0une minoterie familiale bas\u00e9e \u00e0 Plo\u00ebrmel dirig\u00e9e par Jean-Julien Genest\u00a0 dont l&rsquo;ambition est de produire un maximum de \u00ab\u00a0farine 100\u00a0% bretonne\u00a0\u00bb. Jean-Julien est particuli\u00e8rement fier de ses origines agricoles ce qui explique qu&rsquo;il est tout autant attach\u00e9 \u00e0 \u00ab\u00a0garantir un revenu aux agriculteurs\u00a0\u00bb et \u00ab\u00a0fournir un produit de qualit\u00e9 aux clients\u00a0\u00bb. Un engagement proche des valeurs de l\u2019\u00e9conomie vivante\u00a0: importance de la coop\u00e9ration entre les acteurs d\u2019un territoire et de la valorisation des services \u00e9cosyst\u00e9miques dans l\u2019\u00e9conomie. D\u00e9j\u00e0 fournisseur auparavant des Galettes Bertel, il n&rsquo;a pas manqu\u00e9 de prendre part \u00e0 cette aventure. Sa participation au projet permet de faire le lien essentiel entre les producteurs et les transformateurs finaux.<\/p>\n<p>Les abeilles &amp; apiculteurs locaux. En participant \u00e0 la pollinisation de tr\u00e8s nombreuses esp\u00e8ces<br \/>\nv\u00e9g\u00e9tales end\u00e9miques, cultures et arbres fruitiers, les abeilles sont un maillon essentiel pour la<br \/>\nbiodiversit\u00e9 et l&rsquo;\u00e9quilibre \u00e9cologique. On estime que 80% des cultures sont d\u00e9pendantes des<br \/>\ninsectes pollinisateurs. Par leur puissance de travail exceptionnelle, les abeilles sont, de loin, les<br \/>\npollinisateurs les plus actifs. Cette fonction assur\u00e9e par les abeilles est un bien commun entre les<br \/>\napiculteurs, les agriculteurs et la soci\u00e9t\u00e9 toute enti\u00e8re. Le lien entre abeilles et biodiversit\u00e9 est \u00e9troit<br \/>\n: les abeilles assurent la diversit\u00e9 floristique et en ont besoin pour vivre. Dans les champs o\u00f9 la<br \/>\nbiodiversit\u00e9 florale est moindre (parce qu\u2019il n\u2019y a plus de talus, d\u2019arbres et d&rsquo;arbustes), il y a moins<br \/>\nd&rsquo;insectes pollinisateurs. Dans les zones de grandes cultures, un cercle vicieux s\u2019installe: victimes<br \/>\nde carence alimentaire, les colonies s\u2019affaiblissent, meurent ou d\u00e9sertent ces espaces et ne<br \/>\npollinisent plus, aggravant la r\u00e9duction de la diversit\u00e9 v\u00e9g\u00e9tale et provoquant une baisse des<br \/>\nrendements agricoles. Les services rendus par les abeilles sont reconnus par les cultivateurs qui<br \/>\ncherchent \u00e0 les faire venir, ou revenir, sur leurs terres. Plusieurs apiculteurs ont accompagn\u00e9s la<br \/>\nd\u00e9marche en 2016. Nous d\u00e9veloppons cette action en 2017 avec l\u2019appui de Christian Huaux,<br \/>\nv\u00e9t\u00e9rinaire dipl\u00f4m\u00e9 en apiculture et pathologies apicoles.<\/p>\n","protected":false},"excerpt":{"rendered":"<p>L&rsquo;association \u0152topia est un groupe de r\u00e9flexion et d&rsquo;action pour d\u00e9velopper l&rsquo;\u00e9conomie vivante et lib\u00e9rer les hommes et les territoires de leur d\u00e9pendance du mod\u00e8le d&rsquo;\u00e9conomie financi\u00e8re. Elle donne aux op\u00e9rations d&rsquo;\u00e9conomie vivante territoriale les outils, les m\u00e9thodes, les \u00e9tudes et les r\u00e9seaux pour construire ensemble la soci\u00e9t\u00e9 bas\u00e9e sur\u2026<\/p>\n<p> <a class=\"continue-reading-link\" href=\"http:\/\/www.vivaterr.bzh\/rance-emeraude\/partenaires\/\"><span>Continue reading<\/span><i class=\"crycon-right-dir\"><\/i><\/a> <\/p>\n","protected":false},"author":3,"featured_media":0,"parent":0,"menu_order":0,"comment_status":"closed","ping_status":"closed","template":"","meta":[],"_links":{"self":[{"href":"http:\/\/www.vivaterr.bzh\/rance-emeraude\/wp-json\/wp\/v2\/pages\/72"}],"collection":[{"href":"http:\/\/www.vivaterr.bzh\/rance-emeraude\/wp-json\/wp\/v2\/pages"}],"about":[{"href":"http:\/\/www.vivaterr.bzh\/rance-emeraude\/wp-json\/wp\/v2\/types\/page"}],"author":[{"embeddable":true,"href":"http:\/\/www.vivaterr.bzh\/rance-emeraude\/wp-json\/wp\/v2\/users\/3"}],"replies":[{"embeddable":true,"href":"http:\/\/www.vivaterr.bzh\/rance-emeraude\/wp-json\/wp\/v2\/comments?post=72"}],"version-history":[{"count":11,"href":"http:\/\/www.vivaterr.bzh\/rance-emeraude\/wp-json\/wp\/v2\/pages\/72\/revisions"}],"predecessor-version":[{"id":354,"href":"http:\/\/www.vivaterr.bzh\/rance-emeraude\/wp-json\/wp\/v2\/pages\/72\/revisions\/354"}],"wp:attachment":[{"href":"http:\/\/www.vivaterr.bzh\/rance-emeraude\/wp-json\/wp\/v2\/media?parent=72"}],"curies":[{"name":"wp","href":"https:\/\/api.w.org\/{rel}","templated":true}]}}